{"id":3819,"date":"2026-04-17T15:38:17","date_gmt":"2026-04-17T13:38:17","guid":{"rendered":"https:\/\/www.ihu-infiny.fr\/?post_type=agenda&#038;p=3819"},"modified":"2026-04-17T15:59:51","modified_gmt":"2026-04-17T13:59:51","slug":"conference-infiny","status":"publish","type":"agenda","link":"https:\/\/www.ihu-infiny.fr\/en\/agenda\/conference-infiny\/","title":{"rendered":"Conf\u00e9rence &#8211; JMMICI 2026"},"content":{"rendered":"\n<h2 class=\"wp-block-heading\">Prise en charge des maladies inflammatoires chroniques de l\u2019intestin, actualit\u00e9s et perspectives<\/h2>\n\n\n\n<p>Participez \u00e0 la conf\u00e9rence Infiny le 19 mai 2026 pour d\u00e9couvrir les actualit\u00e9s dans la prise en charge des maladies inflammatoires chroniques de l&#8217;intestin (MICI).<\/p>\n\n\n\n<p>Organis\u00e9e par l\u2019IHU Infiny, l&#8217;AFA Crohn RCH et le CHRU de Nancy, cette conf\u00e9rence propose de mettre en lumi\u00e8re les recherches en cours, les dispositifs d\u2019accompagnement des patients, ainsi que des approches compl\u00e9mentaires \u2013 comme la sophrologie ou l\u2019hypnose \u2013 pour mieux vivre avec la maladie au quotidien.<br>Un moment convivial viendra prolonger les \u00e9changes.<\/p>\n\n\n\n<ul class=\"wp-block-list\">\n<li>Introduction &#8211; Pr Christian RABAUD, Directeur par int\u00e9rim de l\u2019IHU et Pr B\u00e9n\u00e9dicte CARON, Gastroent\u00e9rologue, CHRU de Nancy<\/li>\n\n\n\n<li>Pr\u00e9sentation des \u00e9tudes cliniques en cours &#8211; Dr Marine FERRY<\/li>\n\n\n\n<li>Pr\u00e9sentation de l\u2019Afa CROHN RCH &#8211; Mireille<\/li>\n\n\n\n<li>Sophrologie, hypnose et MICI &#8211; Dr Florence VIAL, Anesthesiste, CHRU de Nancy<\/li>\n\n\n\n<li>Psychologie et MICI &#8211; Alain KASSEM, Psychologue &#8211; CHRU de Nancy<\/li>\n<\/ul>\n\n\n\n<p>L\u2019inscription est gratuite mais obligatoire.<\/p>\n\n\n\n<p>Cette conf\u00e9rence est organis\u00e9e dans le cadre du programme mis en place \u00e0 l\u2019occasion de la Journ\u00e9e mondiale des MICI 2026.<\/p>\n\n\n\n<p><\/p>\n","protected":false},"excerpt":{"rendered":"<p>Prise en charge des maladies inflammatoires chroniques de l\u2019intestin, actualit\u00e9s et perspectives Participez \u00e0 la conf\u00e9rence Infiny le 19 mai 2026 pour d\u00e9couvrir les actualit\u00e9s dans la prise en charge des maladies inflammatoires chroniques de l&#8217;intestin (MICI). Organis\u00e9e par l\u2019IHU Infiny, l&#8217;AFA Crohn RCH et le CHRU de Nancy, cette conf\u00e9rence propose de mettre en [&hellip;]<\/p>\n","protected":false},"author":3,"featured_media":3825,"template":"","class_list":["post-3819","agenda","type-agenda","status-publish","has-post-thumbnail","hentry"],"acf":[],"_links":{"self":[{"href":"https:\/\/www.ihu-infiny.fr\/en\/wp-json\/wp\/v2\/agenda\/3819","targetHints":{"allow":["GET"]}}],"collection":[{"href":"https:\/\/www.ihu-infiny.fr\/en\/wp-json\/wp\/v2\/agenda"}],"about":[{"href":"https:\/\/www.ihu-infiny.fr\/en\/wp-json\/wp\/v2\/types\/agenda"}],"author":[{"embeddable":true,"href":"https:\/\/www.ihu-infiny.fr\/en\/wp-json\/wp\/v2\/users\/3"}],"wp:featuredmedia":[{"embeddable":true,"href":"https:\/\/www.ihu-infiny.fr\/en\/wp-json\/wp\/v2\/media\/3825"}],"wp:attachment":[{"href":"https:\/\/www.ihu-infiny.fr\/en\/wp-json\/wp\/v2\/media?parent=3819"}],"curies":[{"name":"wp","href":"https:\/\/api.w.org\/{rel}","templated":true}]}}